{"id":3265,"date":"2020-07-15T06:38:53","date_gmt":"2020-07-15T09:38:53","guid":{"rendered":"http:\/\/saofranciscodosul.tur.br\/novosite\/?page_id=3265"},"modified":"2023-09-04T10:27:45","modified_gmt":"2023-09-04T13:27:45","slug":"pousada-ibiraquera-imbituba","status":"publish","type":"page","link":"https:\/\/saofranciscodosul.tur.br\/novosite\/pousada-ibiraquera-imbituba\/","title":{"rendered":"Pousada Cravo e Canella, Ibiraquera, Imbituba"},"content":{"rendered":"<p><span style=\"font-size: 10pt;\"><strong><span style=\"font-family: georgia, palatino, serif;\">POUSADA CRAVO E CANELLA<\/span><\/strong><\/span><\/p>\n<p><span style=\"font-size: 10pt;\"><span style=\"font-family: georgia, palatino, serif;\">Barra de Ibiraquera, Imbituba.<\/span><\/span><\/p>\n<p><span style=\"font-family: georgia, palatino, serif; font-size: 10pt;\">Localizada a 500 m. do mar e 300 m. da lagoa. Acomoda\u00e7\u00f5es com piscina, cozinha, ar condicionado, sala de jogos.<\/span><\/p>\n<p><span style=\"font-family: georgia, palatino, serif; font-size: 10pt;\">\t\t<div id=\"grsGal0\" class=\"grsGal0 grsTemplate2\">\t\t\t<div class=\"grsGalCont\" ng-controller=\"grsFilm0\" ng-show=\"params.cssReady\" >\t\t\t\t<grs-film params=\"params\" resize scroll><\/grs-film>\t\t\t<\/div>\t\t<\/div>\t\t\t\t\t<script>\t\t\tvar grsAtts0 = jQuery.parseJSON('{\"id\":\"58\",\"view\":\"Film\",\"theme\":\"2\",\"width\":\"300\",\"height\":\"160\",\"contwidth\":\"100\",\"imagesperpage\":\"20\",\"nav\":\"buttons\",\"title\":\"no\",\"orderby\":\"order\",\"ordering\":\"ASC\",\"clickaction\":\"openLightbox\",\"openlinktarget\":\"_top\",\"lightboxwidth\":\"800\",\"lightboxheight\":\"600\",\"lightboxfilmstrip\":\"undefined\",\"lightboxcomment\":\"undefined\",\"lightboxcontbutts\":\"1\",\"lightboxfullw\":\"1\",\"lightboxfbutt\":\"1\",\"lightboxtbutt\":\"1\",\"lightboxpbutt\":\"1\",\"lightboxtbbutt\":\"1\",\"lightboxlibutt\":\"1\",\"lightboxreddbutt\":\"1\",\"lightboxfsbutt\":\"1\",\"lightboxap\":\"1\",\"lightboxapin\":\"2\",\"lightboximinf\":\"1\",\"lightboxswipe\":\"1\",\"lightboximcn\":\"1\",\"lightboxeffect\":\"fade\",\"themeLastModDate\":\"1499898380\"}');\t\t\tgrsApp.controller('grsFilm0', ['$scope', 'GrsService',\t\t\t\tfunction ($scope, GrsService) {\t\t\t\t\t$scope.params = {\t\t\t\t\t\tshatts: grsAtts0,\t\t\t\t\t\tgrs: '0',\t\t\t\t\t\tdata: {\t\t\t\t\t\t\timages : [],\t\t\t\t\t\t\tcomments: [],\t\t\t\t\t\t\ttheme: {}\t\t\t\t\t\t},\t\t\t\t\t\tcssReady: false\t\t\t\t\t};\t\t\t\t\tinsertCss(grsAtts0, '0');\t\t\t\t}\t\t\t]);\t\t<\/script>\t\tDispomos de apartamentos completos de 1 e 2 dormit\u00f3rios&nbsp; e su\u00edtes, com um delicioso caf\u00e9 da manh\u00e3 opcional.<\/span>&nbsp;<\/p>\n<p><span style=\"font-family: georgia, palatino, serif; font-size: 10pt;\">Piscina<\/span><\/p>\n<p><span style=\"font-family: georgia, palatino, serif; font-size: 10pt;\">Temos tamb\u00e9m sala de jogos.<\/span><\/p>\n<p><span style=\"font-family: georgia, palatino, serif; font-size: 10pt;\">WI FI<\/span><\/p>\n<p><span style=\"font-family: georgia, palatino, serif; font-size: 10pt;\">Quiosque com churrasqueiras.<\/span><\/p>\n<p><span style=\"font-family: georgia, palatino, serif; font-size: 10pt;\">Ar condicionado.<\/span><\/p>\n<p><span style=\"font-family: georgia, palatino, serif; font-size: 10pt;\">Estacionamento e seguran\u00e7a 24 hs. &nbsp;<\/span><\/p>\n<hr>\n<p><span style=\"font-size: 10pt; font-family: georgia, palatino, serif;\"><strong>Veja nossos apartamentos de 2 dormit\u00f3rios, todos com ar condicionado.<\/strong><\/span><\/p>\n<p><span style=\"font-size: 10pt;\"><span style=\"font-family: georgia, palatino, serif;\"><strong>&nbsp;<\/strong><\/span><\/span><\/p>\n<hr>\n<p style=\"text-align: center;\"><span style=\"font-size: 10pt; font-family: georgia, palatino, serif;\">Pousada Cravo e Canella, Imbituba, Barra de Ibiraquera.<\/span><\/p>\n<p style=\"text-align: center;\"><span style=\"font-size: 10pt; font-family: georgia, palatino, serif;\">&nbsp;Rua N\u00ba 4140 &nbsp;\/ &nbsp;Endere\u00e7o do GPS : Latitude: -28,1543888, Longitude: -48,6587041<\/span><\/p>\n<hr>\n<p style=\"text-align: center;\"><span style=\"font-size: 10pt; font-family: georgia, palatino, serif;\"><strong>Contato: 48 98833-6392 Toque ou clique no icono&nbsp; do whats e entre em contato direto<\/strong><\/span><\/p>\n","protected":false},"excerpt":{"rendered":"<p>POUSADA CRAVO E CANELLA Barra de Ibiraquera, Imbituba. Localizada a 500 m. do mar e 300 m. da lagoa. Acomoda\u00e7\u00f5es com piscina, cozinha, ar condicionado, sala de jogos. Dispomos de &hellip;<\/p>\n","protected":false},"author":1,"featured_media":0,"parent":0,"menu_order":0,"comment_status":"closed","ping_status":"closed","template":"","meta":{"ngg_post_thumbnail":0,"_joinchat":{"telephone":"+5548988336392","message_text":"Al\u00f3, poso lhe ajudar ?\nvoc\u00ea entrou em contato com \u00e0 pousada Cravo e Canella, barra de Ibiraquera.\n\u00c9 consulta ou reserva ?","message_send":"mensagem proveniente de saofrancicodosul.tur.br \/ Pousada Cravo e Canella.\nsobre consulta ou reserva"},"footnotes":""},"class_list":["post-3265","page","type-page","status-publish","hentry"],"aioseo_notices":[],"_links":{"self":[{"href":"https:\/\/saofranciscodosul.tur.br\/novosite\/wp-json\/wp\/v2\/pages\/3265","targetHints":{"allow":["GET"]}}],"collection":[{"href":"https:\/\/saofranciscodosul.tur.br\/novosite\/wp-json\/wp\/v2\/pages"}],"about":[{"href":"https:\/\/saofranciscodosul.tur.br\/novosite\/wp-json\/wp\/v2\/types\/page"}],"author":[{"embeddable":true,"href":"https:\/\/saofranciscodosul.tur.br\/novosite\/wp-json\/wp\/v2\/users\/1"}],"replies":[{"embeddable":true,"href":"https:\/\/saofranciscodosul.tur.br\/novosite\/wp-json\/wp\/v2\/comments?post=3265"}],"version-history":[{"count":5,"href":"https:\/\/saofranciscodosul.tur.br\/novosite\/wp-json\/wp\/v2\/pages\/3265\/revisions"}],"predecessor-version":[{"id":14295,"href":"https:\/\/saofranciscodosul.tur.br\/novosite\/wp-json\/wp\/v2\/pages\/3265\/revisions\/14295"}],"wp:attachment":[{"href":"https:\/\/saofranciscodosul.tur.br\/novosite\/wp-json\/wp\/v2\/media?parent=3265"}],"curies":[{"name":"wp","href":"https:\/\/api.w.org\/{rel}","templated":true}]}}