{"id":3193,"date":"2020-06-26T07:44:04","date_gmt":"2020-06-26T10:44:04","guid":{"rendered":"http:\/\/saofranciscodosul.tur.br\/novosite\/?page_id=3193"},"modified":"2023-09-04T10:18:01","modified_gmt":"2023-09-04T13:18:01","slug":"pousada-ibirawave-barra-de-ibiraquera","status":"publish","type":"page","link":"https:\/\/saofranciscodosul.tur.br\/novosite\/pousada-ibirawave-barra-de-ibiraquera\/","title":{"rendered":"Pousada Ibirawave, Ibiraquera"},"content":{"rendered":"<p><span style=\"font-family: georgia, palatino, serif; font-size: 12pt;\"><strong><span style=\"font-size: 10pt;\">POUSADA IBIRAWAVE<\/span> <img loading=\"lazy\" decoding=\"async\" class=\"alignright\" src=\"http:\/\/www.ibirawave.com.br\/midia\/2014\/09\/logo.png\" width=\"119\" height=\"27\"><\/strong><\/span><\/p>\n<p><span style=\"font-size: 12pt;\">SC &#8211; Imbituba &#8211; Barra de Ibraquera<\/span><\/p>\n<p><span style=\"font-family: georgia, palatino, serif; font-size: 10pt;\">Localizada na praia Barra de Ibiraquera, oferecemos <strong>apartamentos e casa<\/strong>, com servi\u00e7os de camareira, caf\u00e9 da manh\u00e3, \u00c1rea de lagos dispon\u00edvel para uso dos hospedes. <\/span><\/p>\n<p>\t\t<div id=\"grsGal0\" class=\"grsGal0 grsTemplate2\">\t\t\t<div class=\"grsGalCont\" ng-controller=\"grsFilm0\" ng-show=\"params.cssReady\" >\t\t\t\t<grs-film params=\"params\" resize scroll><\/grs-film>\t\t\t<\/div>\t\t<\/div>\t\t\t\t\t<script>\t\t\tvar grsAtts0 = jQuery.parseJSON('{\"id\":\"70\",\"view\":\"Film\",\"theme\":\"2\",\"width\":\"300\",\"height\":\"160\",\"contwidth\":\"100\",\"imagesperpage\":\"20\",\"nav\":\"buttons\",\"title\":\"no\",\"orderby\":\"order\",\"ordering\":\"ASC\",\"clickaction\":\"openLightbox\",\"openlinktarget\":\"_top\",\"lightboxwidth\":\"800\",\"lightboxheight\":\"600\",\"lightboxfilmstrip\":\"undefined\",\"lightboxcomment\":\"undefined\",\"lightboxcontbutts\":\"1\",\"lightboxfullw\":\"1\",\"lightboxfbutt\":\"1\",\"lightboxtbutt\":\"1\",\"lightboxpbutt\":\"1\",\"lightboxtbbutt\":\"1\",\"lightboxlibutt\":\"1\",\"lightboxreddbutt\":\"1\",\"lightboxfsbutt\":\"1\",\"lightboxap\":\"1\",\"lightboxapin\":\"1\",\"lightboximinf\":\"1\",\"lightboxswipe\":\"1\",\"lightboximcn\":\"1\",\"lightboxeffect\":\"fade\",\"themeLastModDate\":\"1499898380\"}');\t\t\tgrsApp.controller('grsFilm0', ['$scope', 'GrsService',\t\t\t\tfunction ($scope, GrsService) {\t\t\t\t\t$scope.params = {\t\t\t\t\t\tshatts: grsAtts0,\t\t\t\t\t\tgrs: '0',\t\t\t\t\t\tdata: {\t\t\t\t\t\t\timages : [],\t\t\t\t\t\t\tcomments: [],\t\t\t\t\t\t\ttheme: {}\t\t\t\t\t\t},\t\t\t\t\t\tcssReady: false\t\t\t\t\t};\t\t\t\t\tinsertCss(grsAtts0, '0');\t\t\t\t}\t\t\t]);\t\t<\/script>\t\t<span style=\"font-family: georgia, palatino, serif; font-size: 10pt;\">Os apartamentos possuem isolamento de ru\u00eddo com o andar de cima, circuito de TV a Cabo SKY em cada apartamento, telas contra mosquitos nas aberturas e ventiladores de teto, m\u00f3veis em estilo r\u00fastico, colch\u00f5es de qualidade, roupa de cama e banho, servi\u00e7o de camareira, cozinha equipada, churrasqueira em cada apartamento e garagem para o carro, al\u00e9m de um lindo jardim de frente para a lagoa com espa\u00e7o para montagem de equipamentos de windsurf e kitesurf.<\/span>&nbsp;&nbsp;<\/p>\n<p><span style=\"font-family: georgia, palatino, serif; font-size: 10pt;\"><strong>Dispomos de 4 apartamentos e uma casa<\/strong>:<\/span><\/p>\n<p><span style=\"font-family: georgia, palatino, serif; font-size: 10pt;\"><strong>Apartamento SOL<\/strong>&nbsp;: 1 su\u00edte de casal, 1 quarto de casal, 1 banheiro, mezanino com 2 camas de solteiro. Capacidade : 4 a 8 pessoas&nbsp;<\/span><\/p>\n<p><span style=\"font-family: georgia, palatino, serif; font-size: 10pt;\"><strong>Apartamento LUA<\/strong>&nbsp;: 2 quartos de casal &nbsp;ou 1 quarto casa e 1 quarto com 2 camas de solteiro, 1 banheiro. Capacidade 3 a 6 pessoas<\/span><\/p>\n<p><span style=\"font-family: georgia, palatino, serif; font-size: 10pt;\"><strong>Apartamento MAR<\/strong>&nbsp;: 1 quarto de casal, 1 mezanino com cama de casal, 1 banheiro. Capacidade 2 a 6 pessoas&nbsp;<\/span><\/p>\n<p><span style=\"font-family: georgia, palatino, serif; font-size: 10pt;\"><strong>Apartamento DUNA&nbsp;<\/strong>: 1 quarto de casal, 1 banheiro. Capacidade 2 a 4 pessoas&nbsp;<\/span><\/p>\n<p><span style=\"font-family: georgia, palatino, serif; font-size: 10pt;\">&nbsp;*Todos os apartamentos possuem cozinha equipada, sala com sof\u00e1 cama, terra\u00e7o com churrasqueira, 1 vaga de carro na garagem, ar condicionado &nbsp;nos quartos, televis\u00e3o 32&#8243; sat\u00e9lite-sky, telas contra mosquitos nas aberturas, rede e internet wireless.<\/span><\/p>\n<div>\n<div><strong><span style=\"font-family: georgia, palatino, serif; font-size: 10pt;\">Casa Lagoa : com 3 dormit\u00f3rios com ar condicionado.&nbsp;<\/span><\/strong><\/div>\n<div><span style=\"font-family: georgia, palatino, serif; font-size: 10pt;\">1 su\u00edte casal, 1 quarto casal, 1 quarto com 2 camas de solteiro, mais 1 banheiro.&nbsp;<\/span><\/div>\n<div><span style=\"font-family: georgia, palatino, serif; font-size: 10pt;\">Cozinha equipada, sala estar e jantar.<\/span><\/div>\n<div><span style=\"font-family: georgia, palatino, serif; font-size: 10pt;\">Jardim com deck e churrasqueira,.<\/span><\/div>\n<div><span style=\"font-family: georgia, palatino, serif; font-size: 10pt;\"> 2 vagas de carro.<\/span><\/div>\n<div><span style=\"font-family: georgia, palatino, serif; font-size: 10pt;\">Ar condicionado nos quartos.<\/span><\/div>\n<div><span style=\"font-family: georgia, palatino, serif; font-size: 10pt;\">Internet wireless TV 32&#8243; sat\u00e9lite.sky. <\/span><\/div>\n<div><span style=\"font-family: georgia, palatino, serif; font-size: 10pt;\">Capacidade 4 a 8 pessoas&nbsp;<\/span><\/div>\n<\/div>\n<hr>\n<p style=\"text-align: center;\"><span style=\"font-family: georgia, palatino, serif; font-size: 10pt;\">Rua Domingos Tom\u00e9 Marques s\/n &#8211; &nbsp;Barra de Ibiraquera &#8211; SC &#8211; CEP: 88780-000<\/span><\/p>\n<hr>\n<p style=\"text-align: center;\"><strong style=\"font-size: 12px;\">Fones:<\/strong><strong style=\"font-size: 12px;\"> 48 3355-0223 \/ 48 99123-4132 Toque ou cloique no icono do whats abaixo da pagina e entre em ontato direto.<\/strong><\/p>\n","protected":false},"excerpt":{"rendered":"<p>POUSADA IBIRAWAVE SC &#8211; Imbituba &#8211; Barra de Ibraquera Localizada na praia Barra de Ibiraquera, oferecemos apartamentos e casa, com servi\u00e7os de camareira, caf\u00e9 da manh\u00e3, \u00c1rea de lagos dispon\u00edvel &hellip;<\/p>\n","protected":false},"author":1,"featured_media":0,"parent":0,"menu_order":0,"comment_status":"closed","ping_status":"closed","template":"","meta":{"ngg_post_thumbnail":0,"_joinchat":{"telephone":"+5548991234132","message_text":"Al\u00f3, poso lhe ajudar ?\nvoc\u00ea entrou em contato com \u00e0 pousada Ibirawave, Barra de Ibiraquera.\n\u00c9 consulta ou reserva ?","message_send":"mensagem proveniente de saofrancicodosul.tur.br \/ garopabaimbituba.com.br\nsobre consulta ou reserva"},"footnotes":""},"class_list":["post-3193","page","type-page","status-publish","hentry"],"aioseo_notices":[],"_links":{"self":[{"href":"https:\/\/saofranciscodosul.tur.br\/novosite\/wp-json\/wp\/v2\/pages\/3193","targetHints":{"allow":["GET"]}}],"collection":[{"href":"https:\/\/saofranciscodosul.tur.br\/novosite\/wp-json\/wp\/v2\/pages"}],"about":[{"href":"https:\/\/saofranciscodosul.tur.br\/novosite\/wp-json\/wp\/v2\/types\/page"}],"author":[{"embeddable":true,"href":"https:\/\/saofranciscodosul.tur.br\/novosite\/wp-json\/wp\/v2\/users\/1"}],"replies":[{"embeddable":true,"href":"https:\/\/saofranciscodosul.tur.br\/novosite\/wp-json\/wp\/v2\/comments?post=3193"}],"version-history":[{"count":5,"href":"https:\/\/saofranciscodosul.tur.br\/novosite\/wp-json\/wp\/v2\/pages\/3193\/revisions"}],"predecessor-version":[{"id":14290,"href":"https:\/\/saofranciscodosul.tur.br\/novosite\/wp-json\/wp\/v2\/pages\/3193\/revisions\/14290"}],"wp:attachment":[{"href":"https:\/\/saofranciscodosul.tur.br\/novosite\/wp-json\/wp\/v2\/media?parent=3193"}],"curies":[{"name":"wp","href":"https:\/\/api.w.org\/{rel}","templated":true}]}}