{"id":301,"date":"2017-05-24T21:14:33","date_gmt":"2017-05-25T00:14:33","guid":{"rendered":"http:\/\/localhost\/saofranciscodosul\/?page_id=301"},"modified":"2026-03-02T07:41:45","modified_gmt":"2026-03-02T10:41:45","slug":"pousadas","status":"publish","type":"page","link":"https:\/\/saofranciscodosul.tur.br\/novosite\/pousadas\/","title":{"rendered":"Pousadas de S\u00e3o Francisco do Sul, SC"},"content":{"rendered":"<p><span style=\"font-size: 8pt; font-family: arial, helvetica, sans-serif;\">s\u00e3o francisco do Sul &gt; hospedagem &gt; pousadas e hot\u00e9is &gt; pousada<\/span><\/p>\n<p style=\"text-align: center;\"><span style=\"color: #ff0000; font-size: 10pt;\"><strong><span style=\"font-family: georgia, palatino, serif;\">S\u00c3O FRANCISCO DO SUL &#8211; POUSADAS<\/span><\/strong><\/span><\/p>\n<p style=\"text-align: center;\"><span style=\"font-family: georgia, palatino, serif;\"><strong><span style=\"font-size: 10pt;\">Escolha seu hospedagem e reserve direto pelo <span style=\"color: #15b315;\">WHATSAPP<\/span> com o melhor pre\u00e7o<\/span><\/strong><\/span><\/p>\n<hr>\n<p style=\"text-align: left;\"><span style=\"font-size: 10pt;\"><strong>POUSADA MAR E PAZ<\/strong><\/span><\/p>\n<p><strong><span style=\"font-size: 10pt;\">Praia Grande<\/span><\/strong><\/p>\n<p>\t\t<div id=\"grsGal0\" class=\"grsGal0 grsTemplate2\">\t\t\t<div class=\"grsGalCont\" ng-controller=\"grsFilm0\" ng-show=\"params.cssReady\" >\t\t\t\t<grs-film params=\"params\" resize scroll><\/grs-film>\t\t\t<\/div>\t\t<\/div>\t\t\t\t\t<script>\t\t\tvar grsAtts0 = jQuery.parseJSON('{\"id\":\"156\",\"view\":\"Film\",\"theme\":\"2\",\"width\":\"360\",\"height\":\"160\",\"contwidth\":\"100\",\"imagesperpage\":\"20\",\"nav\":\"buttons\",\"title\":\"no\",\"orderby\":\"order\",\"ordering\":\"ASC\",\"clickaction\":\"openLightbox\",\"openlinktarget\":\"_top\",\"lightboxwidth\":\"800\",\"lightboxheight\":\"600\",\"lightboxfilmstrip\":\"undefined\",\"lightboxcomment\":\"undefined\",\"lightboxcontbutts\":\"1\",\"lightboxfullw\":\"1\",\"lightboxfbutt\":\"1\",\"lightboxtbutt\":\"1\",\"lightboxpbutt\":\"1\",\"lightboxtbbutt\":\"1\",\"lightboxlibutt\":\"1\",\"lightboxreddbutt\":\"1\",\"lightboxfsbutt\":\"1\",\"lightboxap\":\"1\",\"lightboxapin\":\"1\",\"lightboximinf\":\"1\",\"lightboxswipe\":\"1\",\"lightboximcn\":\"1\",\"lightboxeffect\":\"fade\",\"themeLastModDate\":\"1499898380\"}');\t\t\tgrsApp.controller('grsFilm0', ['$scope', 'GrsService',\t\t\t\tfunction ($scope, GrsService) {\t\t\t\t\t$scope.params = {\t\t\t\t\t\tshatts: grsAtts0,\t\t\t\t\t\tgrs: '0',\t\t\t\t\t\tdata: {\t\t\t\t\t\t\timages : [],\t\t\t\t\t\t\tcomments: [],\t\t\t\t\t\t\ttheme: {}\t\t\t\t\t\t},\t\t\t\t\t\tcssReady: false\t\t\t\t\t};\t\t\t\t\tinsertCss(grsAtts0, '0');\t\t\t\t}\t\t\t]);\t\t<\/script>\t\t<span style=\"font-size: 10pt;\">Localizados frente ao mar, com jard\u00edm, piscina, caf\u00e9 da manh\u00e3, acomoda\u00e7\u00f5es com ar condicionado, wi fi, TV tela plana, espa\u00e7os criados para seu conforto frente ao mar, \u00e1 1400 m da Enseada&#8230;<\/span>&nbsp;&nbsp;&nbsp;&nbsp;&nbsp;&nbsp;&nbsp;<\/p>\n<p style=\"text-align: center;\"><span style=\"font-size: 10pt;\"><strong>+ Informa\u00e7\u00f5es, tarifas, reservas<\/strong><\/span><\/p>\n<hr>\n<p style=\"text-align: left;\"><span style=\"font-size: 10pt;\"><strong>POUSADA RECANTO DA VAL<\/strong><\/span><\/p>\n<p><span style=\"font-size: 10pt;\"><strong>Praia de Itagua\u00e7u<\/strong><\/span><\/p>\n<p>\t\t<div id=\"grsGal1\" class=\"grsGal1 grsTemplate2\">\t\t\t<div class=\"grsGalCont\" ng-controller=\"grsFilm1\" ng-show=\"params.cssReady\" >\t\t\t\t<grs-film params=\"params\" resize scroll><\/grs-film>\t\t\t<\/div>\t\t<\/div>\t\t\t\t\t<script>\t\t\tvar grsAtts1 = jQuery.parseJSON('{\"id\":\"9\",\"view\":\"Film\",\"theme\":\"2\",\"width\":\"360\",\"height\":\"160\",\"contwidth\":\"100\",\"imagesperpage\":\"20\",\"nav\":\"buttons\",\"title\":\"no\",\"orderby\":\"order\",\"ordering\":\"ASC\",\"clickaction\":\"openLightbox\",\"openlinktarget\":\"_top\",\"lightboxwidth\":\"800\",\"lightboxheight\":\"600\",\"lightboxfilmstrip\":\"undefined\",\"lightboxcomment\":\"undefined\",\"lightboxcontbutts\":\"1\",\"lightboxfullw\":\"0\",\"lightboxfbutt\":\"1\",\"lightboxtbutt\":\"1\",\"lightboxpbutt\":\"1\",\"lightboxtbbutt\":\"1\",\"lightboxlibutt\":\"1\",\"lightboxreddbutt\":\"1\",\"lightboxfsbutt\":\"1\",\"lightboxap\":\"1\",\"lightboxapin\":\"1\",\"lightboximinf\":\"1\",\"lightboxswipe\":\"1\",\"lightboximcn\":\"1\",\"lightboxeffect\":\"fade\",\"themeLastModDate\":\"1499898380\"}');\t\t\tgrsApp.controller('grsFilm1', ['$scope', 'GrsService',\t\t\t\tfunction ($scope, GrsService) {\t\t\t\t\t$scope.params = {\t\t\t\t\t\tshatts: grsAtts1,\t\t\t\t\t\tgrs: '1',\t\t\t\t\t\tdata: {\t\t\t\t\t\t\timages : [],\t\t\t\t\t\t\tcomments: [],\t\t\t\t\t\t\ttheme: {}\t\t\t\t\t\t},\t\t\t\t\t\tcssReady: false\t\t\t\t\t};\t\t\t\t\tinsertCss(grsAtts1, '1');\t\t\t\t}\t\t\t]);\t\t<\/script>\t\t<span style=\"font-size: 10pt;\">Localizada frente ao mar. Apartamentos completos, confort\u00e1veis de 2 dormit\u00f3rios e 2 banheiros, cozinha, sacada frente da praia, wi fi, cadeiras de praia e guarda sol, &#8230;<\/span>&nbsp;&nbsp;&nbsp;&nbsp;&nbsp;&nbsp;<\/p>\n<p style=\"text-align: center;\"><strong style=\"text-align: center;\"><span style=\"font-size: 10pt;\"><a href=\"https:\/\/saofranciscodosul.tur.br\/novosite\/itaguacu-pousada-apartamentos-recanto-da-val\/\" target=\"_blank\" rel=\"noopener\">+ informa\u00e7\u00f5es, tarifas, reservas&nbsp;<\/a><\/span><\/strong><\/p>\n<hr>\n<p style=\"text-align: left;\"><span style=\"font-size: 10pt;\"><strong>POUSADA DA ILHA<\/strong><\/span><\/p>\n<p><strong><span style=\"font-size: 10pt;\">Prainha da Enseada<\/span><\/strong><\/p>\n<p>\t\t<div id=\"grsGal2\" class=\"grsGal2 grsTemplate2\">\t\t\t<div class=\"grsGalCont\" ng-controller=\"grsFilm2\" ng-show=\"params.cssReady\" >\t\t\t\t<grs-film params=\"params\" resize scroll><\/grs-film>\t\t\t<\/div>\t\t<\/div>\t\t\t\t\t<script>\t\t\tvar grsAtts2 = jQuery.parseJSON('{\"id\":\"154\",\"view\":\"Film\",\"theme\":\"2\",\"width\":\"360\",\"height\":\"160\",\"contwidth\":\"100\",\"imagesperpage\":\"20\",\"nav\":\"buttons\",\"title\":\"no\",\"orderby\":\"order\",\"ordering\":\"ASC\",\"clickaction\":\"openLightbox\",\"openlinktarget\":\"_top\",\"lightboxwidth\":\"800\",\"lightboxheight\":\"600\",\"lightboxfilmstrip\":\"undefined\",\"lightboxcomment\":\"undefined\",\"lightboxcontbutts\":\"1\",\"lightboxfullw\":\"1\",\"lightboxfbutt\":\"1\",\"lightboxtbutt\":\"1\",\"lightboxpbutt\":\"1\",\"lightboxtbbutt\":\"1\",\"lightboxlibutt\":\"1\",\"lightboxreddbutt\":\"1\",\"lightboxfsbutt\":\"1\",\"lightboxap\":\"1\",\"lightboxapin\":\"1\",\"lightboximinf\":\"1\",\"lightboxswipe\":\"1\",\"lightboximcn\":\"1\",\"lightboxeffect\":\"fade\",\"themeLastModDate\":\"1499898380\"}');\t\t\tgrsApp.controller('grsFilm2', ['$scope', 'GrsService',\t\t\t\tfunction ($scope, GrsService) {\t\t\t\t\t$scope.params = {\t\t\t\t\t\tshatts: grsAtts2,\t\t\t\t\t\tgrs: '2',\t\t\t\t\t\tdata: {\t\t\t\t\t\t\timages : [],\t\t\t\t\t\t\tcomments: [],\t\t\t\t\t\t\ttheme: {}\t\t\t\t\t\t},\t\t\t\t\t\tcssReady: false\t\t\t\t\t};\t\t\t\t\tinsertCss(grsAtts2, '2');\t\t\t\t}\t\t\t]);\t\t<\/script>\t\t<span style=\"font-size: 10pt;\">Localizada na Praia da Saudade (Prainha), \u00e1 50 m da praia, com vista panor\u00e3mica, quartos com ar condicionado, caf\u00e9 da manh\u00e3, servi\u00e7o de quarto. Dispomos de \u00e1rea de HOSTEL, garagem, TV smart&#8230;&#8230;&#8230;<\/span>&nbsp;&nbsp;&nbsp;&nbsp;&nbsp;&nbsp;&nbsp;&nbsp;&nbsp;&nbsp;&nbsp;&nbsp;&nbsp;&nbsp;&nbsp;&nbsp;&nbsp;&nbsp;&nbsp;<\/p>\n<p style=\"text-align: center;\"><a href=\"https:\/\/saofranciscodosul.tur.br\/novosite\/enseada-pousadas-prainha-pousada-da-ilha\/\" target=\"_blank\" rel=\"noopener\"><strong><span style=\"font-size: 10pt;\">+ informa\u00e7\u00f5es, tarifas, reservas<\/span><\/strong><\/a><\/p>\n<hr>\n<p style=\"text-align: left;\"><span style=\"font-size: 10pt;\"><strong>POUSADA OHANA DULLIUS<\/strong><\/span><\/p>\n<p><strong><span style=\"font-size: 10pt;\">Praia Grande, pr\u00f3ximo da Prainha<\/span><\/strong><\/p>\n<p>\t\t<div id=\"grsGal3\" class=\"grsGal3 grsTemplate2\">\t\t\t<div class=\"grsGalCont\" ng-controller=\"grsFilm3\" ng-show=\"params.cssReady\" >\t\t\t\t<grs-film params=\"params\" resize scroll><\/grs-film>\t\t\t<\/div>\t\t<\/div>\t\t\t\t\t<script>\t\t\tvar grsAtts3 = jQuery.parseJSON('{\"id\":\"163\",\"view\":\"Film\",\"theme\":\"2\",\"width\":\"360\",\"height\":\"160\",\"contwidth\":\"100\",\"imagesperpage\":\"20\",\"nav\":\"buttons\",\"title\":\"no\",\"orderby\":\"order\",\"ordering\":\"ASC\",\"clickaction\":\"openLightbox\",\"openlinktarget\":\"_top\",\"lightboxwidth\":\"800\",\"lightboxheight\":\"600\",\"lightboxfilmstrip\":\"undefined\",\"lightboxcomment\":\"undefined\",\"lightboxcontbutts\":\"1\",\"lightboxfullw\":\"1\",\"lightboxfbutt\":\"1\",\"lightboxtbutt\":\"1\",\"lightboxpbutt\":\"1\",\"lightboxtbbutt\":\"1\",\"lightboxlibutt\":\"1\",\"lightboxreddbutt\":\"1\",\"lightboxfsbutt\":\"1\",\"lightboxap\":\"1\",\"lightboxapin\":\"1\",\"lightboximinf\":\"1\",\"lightboxswipe\":\"1\",\"lightboximcn\":\"1\",\"lightboxeffect\":\"fade\",\"themeLastModDate\":\"1499898380\"}');\t\t\tgrsApp.controller('grsFilm3', ['$scope', 'GrsService',\t\t\t\tfunction ($scope, GrsService) {\t\t\t\t\t$scope.params = {\t\t\t\t\t\tshatts: grsAtts3,\t\t\t\t\t\tgrs: '3',\t\t\t\t\t\tdata: {\t\t\t\t\t\t\timages : [],\t\t\t\t\t\t\tcomments: [],\t\t\t\t\t\t\ttheme: {}\t\t\t\t\t\t},\t\t\t\t\t\tcssReady: false\t\t\t\t\t};\t\t\t\t\tinsertCss(grsAtts3, '3');\t\t\t\t}\t\t\t]);\t\t<\/script>\t\t<span style=\"font-size: 10pt;\">Localizada na Praia Grande, frente ao mar, com uma linda vista, sacadas, cozinha para uso dos h\u00f3spedeswi fi, estacionamento, caf\u00e9 da manh\u00e3, &#8230;.<\/span>&nbsp;&nbsp;&nbsp;&nbsp;&nbsp;&nbsp;&nbsp;&nbsp;&nbsp;<\/p>\n<p style=\"text-align: center;\"><a href=\"https:\/\/saofranciscodosul.tur.br\/novosite\/sao-francisco-do-sul-praia-grande-pousada-ohana-dullius\/\" target=\"_blank\" rel=\"noopener\"><strong><span style=\"font-size: 10pt;\">+ informa\u00e7\u00f5es, tarifas, reservas<\/span><\/strong><\/a><\/p>\n<hr>\n<p style=\"text-align: left;\"><span style=\"font-size: 12px;\"><strong>POUSADA CANTINHO DA TIA SANDRA<\/strong><\/span><\/p>\n<p><strong><span style=\"font-size: 12px;\">Praia da Enseada<\/span><\/strong><\/p>\n<p><span style=\"font-size: 12px;\">\t\t<div id=\"grsGal4\" class=\"grsGal4 grsTemplate2\">\t\t\t<div class=\"grsGalCont\" ng-controller=\"grsFilm4\" ng-show=\"params.cssReady\" >\t\t\t\t<grs-film params=\"params\" resize scroll><\/grs-film>\t\t\t<\/div>\t\t<\/div>\t\t\t\t\t<script>\t\t\tvar grsAtts4 = jQuery.parseJSON('{\"id\":\"166\",\"view\":\"Film\",\"theme\":\"2\",\"width\":\"360\",\"height\":\"160\",\"contwidth\":\"100\",\"imagesperpage\":\"20\",\"nav\":\"buttons\",\"title\":\"no\",\"orderby\":\"order\",\"ordering\":\"ASC\",\"clickaction\":\"openLightbox\",\"openlinktarget\":\"_top\",\"lightboxwidth\":\"800\",\"lightboxheight\":\"600\",\"lightboxfilmstrip\":\"undefined\",\"lightboxcomment\":\"undefined\",\"lightboxcontbutts\":\"1\",\"lightboxfullw\":\"1\",\"lightboxfbutt\":\"1\",\"lightboxtbutt\":\"1\",\"lightboxpbutt\":\"1\",\"lightboxtbbutt\":\"1\",\"lightboxlibutt\":\"1\",\"lightboxreddbutt\":\"1\",\"lightboxfsbutt\":\"1\",\"lightboxap\":\"1\",\"lightboxapin\":\"5\",\"lightboximinf\":\"1\",\"lightboxswipe\":\"1\",\"lightboximcn\":\"1\",\"lightboxeffect\":\"fade\",\"themeLastModDate\":\"1499898380\"}');\t\t\tgrsApp.controller('grsFilm4', ['$scope', 'GrsService',\t\t\t\tfunction ($scope, GrsService) {\t\t\t\t\t$scope.params = {\t\t\t\t\t\tshatts: grsAtts4,\t\t\t\t\t\tgrs: '4',\t\t\t\t\t\tdata: {\t\t\t\t\t\t\timages : [],\t\t\t\t\t\t\tcomments: [],\t\t\t\t\t\t\ttheme: {}\t\t\t\t\t\t},\t\t\t\t\t\tcssReady: false\t\t\t\t\t};\t\t\t\t\tinsertCss(grsAtts4, '4');\t\t\t\t}\t\t\t]);\t\t<\/script>\t\t<\/span><\/p>\n<p style=\"text-align: left;\"><span style=\"font-size: 13px;\">A pousada encontrase localziada pr\u00f3xima da praia do ubatuba e a 1-15 minutos&nbsp; a p\u00e9 da praia Enseada, num lugar calmo.Dispomos de su\u00edtes com cama de casal, e su\u00edtes para 3, 4 pessoas, com ar condicionado, TV.,&nbsp;Dispomos de uma cozinha para uso dos hospedes com fog\u00e3o, microondas e todos os utensilios de cozinha, &#8230;..<\/span><\/p>\n<p style=\"text-align: center;\"><a href=\"https:\/\/saofranciscodosul.tur.br\/novosite\/hoteis-pousadas-enseada-pousada-cantinho-da-tia-sandra\/\" target=\"_blank\" rel=\"noopener\"><strong><span style=\"font-size: 10pt;\">+ informa\u00e7\u00f5es, tarifas, reservas<\/span><\/strong><\/a><\/p>\n<hr>\n<p style=\"text-align: left;\"><span style=\"font-size: 10pt;\"><strong>POUSADA PRAINHA<\/strong><\/span><\/p>\n<p><span style=\"font-size: 10pt;\"><strong>Praia Prainha<\/strong><\/span><\/p>\n<p>\t\t<div id=\"grsGal5\" class=\"grsGal5 grsTemplate2\">\t\t\t<div class=\"grsGalCont\" ng-controller=\"grsFilm5\" ng-show=\"params.cssReady\" >\t\t\t\t<grs-film params=\"params\" resize scroll><\/grs-film>\t\t\t<\/div>\t\t<\/div>\t\t\t\t\t<script>\t\t\tvar grsAtts5 = jQuery.parseJSON('{\"id\":\"27\",\"view\":\"Film\",\"theme\":\"2\",\"width\":\"360\",\"height\":\"160\",\"contwidth\":\"100\",\"imagesperpage\":\"20\",\"nav\":\"buttons\",\"title\":\"no\",\"orderby\":\"order\",\"ordering\":\"ASC\",\"clickaction\":\"openLightbox\",\"openlinktarget\":\"_top\",\"lightboxwidth\":\"800\",\"lightboxheight\":\"600\",\"lightboxfilmstrip\":\"undefined\",\"lightboxcomment\":\"undefined\",\"lightboxcontbutts\":\"1\",\"lightboxfullw\":\"0\",\"lightboxfbutt\":\"1\",\"lightboxtbutt\":\"1\",\"lightboxpbutt\":\"1\",\"lightboxtbbutt\":\"1\",\"lightboxlibutt\":\"1\",\"lightboxreddbutt\":\"1\",\"lightboxfsbutt\":\"1\",\"lightboxap\":\"1\",\"lightboxapin\":\"1\",\"lightboximinf\":\"1\",\"lightboxswipe\":\"1\",\"lightboximcn\":\"1\",\"lightboxeffect\":\"fade\",\"themeLastModDate\":\"1499898380\"}');\t\t\tgrsApp.controller('grsFilm5', ['$scope', 'GrsService',\t\t\t\tfunction ($scope, GrsService) {\t\t\t\t\t$scope.params = {\t\t\t\t\t\tshatts: grsAtts5,\t\t\t\t\t\tgrs: '5',\t\t\t\t\t\tdata: {\t\t\t\t\t\t\timages : [],\t\t\t\t\t\t\tcomments: [],\t\t\t\t\t\t\ttheme: {}\t\t\t\t\t\t},\t\t\t\t\t\tcssReady: false\t\t\t\t\t};\t\t\t\t\tinsertCss(grsAtts5, '5');\t\t\t\t}\t\t\t]);\t\t<\/script>\t\t<span style=\"font-size: 10pt;\">Localizada \u00e1 40 metros da praia da saudade (Prainha), e 600 m da praia Enseada, dispomos de apartamentos para 4 pessoas e su\u00edtes com ar condicionado, WI FI, caf\u00e9 da manh\u00e3&#8230;<\/span>&nbsp;&nbsp;&nbsp;&nbsp;&nbsp;&nbsp;&nbsp;&nbsp;&nbsp;&nbsp;&nbsp;&nbsp;&nbsp;&nbsp;&nbsp;&nbsp;&nbsp;<\/p>\n<p style=\"text-align: center;\"><strong><span style=\"font-size: 10pt;\"><a href=\"https:\/\/saofranciscodosul.tur.br\/novosite\/prainha-enseada-pousada\/\" target=\"_blank\" rel=\"noopener\">+ Informa\u00e7\u00f5es, tarifas, reservas<\/a><\/span><\/strong><\/p>\n<hr>\n<p style=\"text-align: left;\"><strong><span style=\"font-size: 10pt;\">POUSADA DOCE VIDA<\/span><\/strong><\/p>\n<p><strong><span style=\"font-size: 10pt;\">Praia Itagua\u00e7u<\/span><\/strong><\/p>\n<p>\t\t<div id=\"grsGal6\" class=\"grsGal6 grsTemplate2\">\t\t\t<div class=\"grsGalCont\" ng-controller=\"grsFilm6\" ng-show=\"params.cssReady\" >\t\t\t\t<grs-film params=\"params\" resize scroll><\/grs-film>\t\t\t<\/div>\t\t<\/div>\t\t\t\t\t<script>\t\t\tvar grsAtts6 = jQuery.parseJSON('{\"id\":\"149\",\"view\":\"Film\",\"theme\":\"2\",\"width\":\"360\",\"height\":\"160\",\"contwidth\":\"100\",\"imagesperpage\":\"20\",\"nav\":\"buttons\",\"title\":\"no\",\"orderby\":\"order\",\"ordering\":\"ASC\",\"clickaction\":\"openLightbox\",\"openlinktarget\":\"_top\",\"lightboxwidth\":\"800\",\"lightboxheight\":\"600\",\"lightboxfilmstrip\":\"undefined\",\"lightboxcomment\":\"undefined\",\"lightboxcontbutts\":\"1\",\"lightboxfullw\":\"1\",\"lightboxfbutt\":\"1\",\"lightboxtbutt\":\"1\",\"lightboxpbutt\":\"1\",\"lightboxtbbutt\":\"1\",\"lightboxlibutt\":\"1\",\"lightboxreddbutt\":\"1\",\"lightboxfsbutt\":\"1\",\"lightboxap\":\"1\",\"lightboxapin\":\"1\",\"lightboximinf\":\"1\",\"lightboxswipe\":\"1\",\"lightboximcn\":\"1\",\"lightboxeffect\":\"fade\",\"themeLastModDate\":\"1499898380\"}');\t\t\tgrsApp.controller('grsFilm6', ['$scope', 'GrsService',\t\t\t\tfunction ($scope, GrsService) {\t\t\t\t\t$scope.params = {\t\t\t\t\t\tshatts: grsAtts6,\t\t\t\t\t\tgrs: '6',\t\t\t\t\t\tdata: {\t\t\t\t\t\t\timages : [],\t\t\t\t\t\t\tcomments: [],\t\t\t\t\t\t\ttheme: {}\t\t\t\t\t\t},\t\t\t\t\t\tcssReady: false\t\t\t\t\t};\t\t\t\t\tinsertCss(grsAtts6, '6');\t\t\t\t}\t\t\t]);\t\t<\/script>\t\t<span style=\"font-size: 10pt;\">Localizada na praia Itagua\u00e7u, a 100 m da praia, com piscina num jardim agrad\u00e1vel, a s\u00f3 uma quadra do mar. Dispomos de piscina, jardim, a s\u00f3 100 m do mar, com confort\u00e1veis su\u00edtes com caf\u00e9 da manh\u00e3, wi fi,&#8230;<\/span>&nbsp; &nbsp;&nbsp;&nbsp;&nbsp;&nbsp;&nbsp;&nbsp;&nbsp;&nbsp;&nbsp;&nbsp;&nbsp;&nbsp;&nbsp;&nbsp;&nbsp;&nbsp;&nbsp;&nbsp;&nbsp;&nbsp;&nbsp;<\/p>\n<p>&nbsp;<\/p>\n<p style=\"text-align: center;\"><strong><span style=\"font-size: 10pt;\"><a href=\"https:\/\/saofranciscodosul.tur.br\/novosite\/sao-francisco-do-sul-itaguacu-pousada\/\" target=\"_blank\" rel=\"noopener\">+ informa\u00e7\u00f5es, tarifas, reservas<\/a><\/span><\/strong><\/p>\n<hr>\n<p style=\"text-align: left;\"><strong><span style=\"font-size: 10pt;\">POUSADA RESIDENCIAL DOS REIS<\/span><\/strong><\/p>\n<p><strong><span style=\"font-size: 10pt;\">Praia Enseada<\/span><\/strong><\/p>\n<p>\t\t<div id=\"grsGal7\" class=\"grsGal7 grsTemplate2\">\t\t\t<div class=\"grsGalCont\" ng-controller=\"grsFilm7\" ng-show=\"params.cssReady\" >\t\t\t\t<grs-film params=\"params\" resize scroll><\/grs-film>\t\t\t<\/div>\t\t<\/div>\t\t\t\t\t<script>\t\t\tvar grsAtts7 = jQuery.parseJSON('{\"id\":\"148\",\"view\":\"Film\",\"theme\":\"2\",\"width\":\"360\",\"height\":\"160\",\"contwidth\":\"100\",\"imagesperpage\":\"20\",\"nav\":\"buttons\",\"title\":\"no\",\"orderby\":\"order\",\"ordering\":\"ASC\",\"clickaction\":\"openLightbox\",\"openlinktarget\":\"_top\",\"lightboxwidth\":\"800\",\"lightboxheight\":\"600\",\"lightboxfilmstrip\":\"undefined\",\"lightboxcomment\":\"undefined\",\"lightboxcontbutts\":\"1\",\"lightboxfullw\":\"1\",\"lightboxfbutt\":\"1\",\"lightboxtbutt\":\"1\",\"lightboxpbutt\":\"1\",\"lightboxtbbutt\":\"1\",\"lightboxlibutt\":\"1\",\"lightboxreddbutt\":\"1\",\"lightboxfsbutt\":\"1\",\"lightboxap\":\"1\",\"lightboxapin\":\"1\",\"lightboximinf\":\"1\",\"lightboxswipe\":\"1\",\"lightboximcn\":\"1\",\"lightboxeffect\":\"fade\",\"themeLastModDate\":\"1499898380\"}');\t\t\tgrsApp.controller('grsFilm7', ['$scope', 'GrsService',\t\t\t\tfunction ($scope, GrsService) {\t\t\t\t\t$scope.params = {\t\t\t\t\t\tshatts: grsAtts7,\t\t\t\t\t\tgrs: '7',\t\t\t\t\t\tdata: {\t\t\t\t\t\t\timages : [],\t\t\t\t\t\t\tcomments: [],\t\t\t\t\t\t\ttheme: {}\t\t\t\t\t\t},\t\t\t\t\t\tcssReady: false\t\t\t\t\t};\t\t\t\t\tinsertCss(grsAtts7, '7');\t\t\t\t}\t\t\t]);\t\t<\/script>\t\t<span style=\"font-size: 10pt;\">Localizada na praia da Enseada, a 250 m da praia,&nbsp;<\/span><span style=\"font-size: 10pt;\">O Residencial dos Reis, \u00e9 um Apart Hotel, com apartamentos completamente mobiliados e infraestrutura de hotel.&nbsp;<\/span><span style=\"font-size: 10pt;\">Contamos com apartamentos &#8220;Standard&#8221; e &#8220;Luxo&#8221; de 2 dormit\u00f3rios, bem equipados.&nbsp;<\/span><span style=\"font-size: 10pt;\">Oferecemos caf\u00e9 da manh\u00e3 e servi\u00e7o de quartos. WI FI.&nbsp;<\/span><span style=\"font-size: 10pt;\">Com Ar-condicionado em todas as pe\u00e7as!<\/span>&nbsp;&nbsp;&nbsp;&nbsp;&nbsp;&nbsp;&nbsp;&nbsp;&nbsp;&nbsp;&nbsp;&nbsp;&nbsp;&nbsp;&nbsp;&nbsp;&nbsp;<\/p>\n<p style=\"text-align: center;\"><strong><a href=\"https:\/\/saofranciscodosul.tur.br\/novosite\/sao-francisco-do-sul-enseada-pousada-apartamentos\/\" target=\"_blank\" rel=\"noopener\"><span style=\"font-size: 10pt;\">+informa\u00e7\u00f5es, tarifas e reservas<\/span><\/a><\/strong><\/p>\n<hr>\n<p style=\"text-align: left;\"><span style=\"font-size: 10pt;\"><strong>POUSADA PRAIA DO CALIXTO<\/strong><\/span><\/p>\n<p><strong><span style=\"font-size: 10pt;\">Praia do Calixto, de Paulas.<\/span><\/strong><\/p>\n<p>\t\t<div id=\"grsGal8\" class=\"grsGal8 grsTemplate2\">\t\t\t<div class=\"grsGalCont\" ng-controller=\"grsFilm8\" ng-show=\"params.cssReady\" >\t\t\t\t<grs-film params=\"params\" resize scroll><\/grs-film>\t\t\t<\/div>\t\t<\/div>\t\t\t\t\t<script>\t\t\tvar grsAtts8 = jQuery.parseJSON('{\"id\":\"158\",\"view\":\"Film\",\"theme\":\"2\",\"width\":\"360\",\"height\":\"160\",\"contwidth\":\"100\",\"imagesperpage\":\"20\",\"nav\":\"buttons\",\"title\":\"no\",\"orderby\":\"order\",\"ordering\":\"ASC\",\"clickaction\":\"openLightbox\",\"openlinktarget\":\"_top\",\"lightboxwidth\":\"800\",\"lightboxheight\":\"600\",\"lightboxfilmstrip\":\"undefined\",\"lightboxcomment\":\"undefined\",\"lightboxcontbutts\":\"1\",\"lightboxfullw\":\"1\",\"lightboxfbutt\":\"1\",\"lightboxtbutt\":\"1\",\"lightboxpbutt\":\"1\",\"lightboxtbbutt\":\"1\",\"lightboxlibutt\":\"1\",\"lightboxreddbutt\":\"1\",\"lightboxfsbutt\":\"1\",\"lightboxap\":\"1\",\"lightboxapin\":\"1\",\"lightboximinf\":\"1\",\"lightboxswipe\":\"1\",\"lightboximcn\":\"1\",\"lightboxeffect\":\"fade\",\"themeLastModDate\":\"1499898380\"}');\t\t\tgrsApp.controller('grsFilm8', ['$scope', 'GrsService',\t\t\t\tfunction ($scope, GrsService) {\t\t\t\t\t$scope.params = {\t\t\t\t\t\tshatts: grsAtts8,\t\t\t\t\t\tgrs: '8',\t\t\t\t\t\tdata: {\t\t\t\t\t\t\timages : [],\t\t\t\t\t\t\tcomments: [],\t\t\t\t\t\t\ttheme: {}\t\t\t\t\t\t},\t\t\t\t\t\tcssReady: false\t\t\t\t\t};\t\t\t\t\tinsertCss(grsAtts8, '8');\t\t\t\t}\t\t\t]);\t\t<\/script>\t\t<span style=\"font-size: 10pt;\">Estamos frente ao mar, com jard\u00edm vista da praia, lindo. Acomoda\u00e7\u00f5es com ar condicionado, piscina, jard\u00edm vista da praia. dispomso de su\u00edtes e apartamentos familia, para 4 pessoas,&#8230;..<\/span>&nbsp;&nbsp;&nbsp;&nbsp;&nbsp;&nbsp;&nbsp;&nbsp;&nbsp;&nbsp;&nbsp;&nbsp;&nbsp;<\/p>\n<p style=\"text-align: center;\"><span style=\"font-size: 10pt;\"><strong><a href=\"https:\/\/saofranciscodosul.tur.br\/novosite\/pousadas-hoteis-pousada-praia-do-calixto\/\" target=\"_blank\" rel=\"noopener\">+ Informa\u00e7\u00f5es, tarifas, reservas<\/a><\/strong><\/span><\/p>\n<hr>\n<p style=\"text-align: left;\"><strong><span style=\"font-size: 10pt;\">POUSADA DO MORRO<\/span><\/strong><\/p>\n<p><strong><span style=\"font-size: 10pt;\">Praia do Forte<\/span><\/strong><\/p>\n<p>\t\t<div id=\"grsGal9\" class=\"grsGal9 grsTemplate2\">\t\t\t<div class=\"grsGalCont\" ng-controller=\"grsFilm9\" ng-show=\"params.cssReady\" >\t\t\t\t<grs-film params=\"params\" resize scroll><\/grs-film>\t\t\t<\/div>\t\t<\/div>\t\t\t\t\t<script>\t\t\tvar grsAtts9 = jQuery.parseJSON('{\"id\":\"150\",\"view\":\"Film\",\"theme\":\"2\",\"width\":\"360\",\"height\":\"160\",\"contwidth\":\"100\",\"imagesperpage\":\"20\",\"nav\":\"buttons\",\"title\":\"no\",\"orderby\":\"order\",\"ordering\":\"ASC\",\"clickaction\":\"openLightbox\",\"openlinktarget\":\"_top\",\"lightboxwidth\":\"800\",\"lightboxheight\":\"600\",\"lightboxfilmstrip\":\"undefined\",\"lightboxcomment\":\"undefined\",\"lightboxcontbutts\":\"1\",\"lightboxfullw\":\"1\",\"lightboxfbutt\":\"1\",\"lightboxtbutt\":\"1\",\"lightboxpbutt\":\"1\",\"lightboxtbbutt\":\"1\",\"lightboxlibutt\":\"1\",\"lightboxreddbutt\":\"1\",\"lightboxfsbutt\":\"1\",\"lightboxap\":\"1\",\"lightboxapin\":\"1\",\"lightboximinf\":\"1\",\"lightboxswipe\":\"1\",\"lightboximcn\":\"1\",\"lightboxeffect\":\"fade\",\"themeLastModDate\":\"1499898380\"}');\t\t\tgrsApp.controller('grsFilm9', ['$scope', 'GrsService',\t\t\t\tfunction ($scope, GrsService) {\t\t\t\t\t$scope.params = {\t\t\t\t\t\tshatts: grsAtts9,\t\t\t\t\t\tgrs: '9',\t\t\t\t\t\tdata: {\t\t\t\t\t\t\timages : [],\t\t\t\t\t\t\tcomments: [],\t\t\t\t\t\t\ttheme: {}\t\t\t\t\t\t},\t\t\t\t\t\tcssReady: false\t\t\t\t\t};\t\t\t\t\tinsertCss(grsAtts9, '9');\t\t\t\t}\t\t\t]);\t\t<\/script>\t\t<span style=\"font-size: 10pt;\">Localizada a 400 m da praia do forte, com amplo jardim.&nbsp;Dispomos de:&nbsp;<strong>Apartamentos de 2 quartos<\/strong>, para 4 pessoas e&nbsp;<strong>Chales para 2 pessoas, todos&nbsp;<\/strong> com cozinha completa. Quadra de areia para bolei e futebol, quiosques com churrasqueiras&#8230;<\/span>&nbsp;&nbsp;&nbsp;&nbsp;&nbsp;&nbsp;&nbsp;&nbsp;&nbsp;&nbsp;&nbsp;&nbsp;&nbsp;&nbsp;&nbsp;&nbsp;&nbsp;&nbsp;&nbsp;&nbsp;&nbsp;&nbsp;&nbsp;<\/p>\n<p style=\"text-align: center;\"><strong><span style=\"font-size: 10pt;\"><a href=\"https:\/\/saofranciscodosul.tur.br\/novosite\/hoteis-pousadas-sao-francisco-do-sul-pousada-do-morro\/\" target=\"_blank\" rel=\"noopener\">+ Informa\u00e7\u00f5es, tarifas, reservas<\/a><\/span><\/strong><\/p>\n<hr>\n<p style=\"text-align: left;\"><strong><span style=\"font-size: 12px;\">POUSADA RECANTO MONTE TRIGO<\/span><\/strong><\/p>\n<p><span style=\"font-size: 12px;\"><strong>Praia de paula \/ ubatuba<\/strong><\/span><\/p>\n<p>\t\t<div id=\"grsGal10\" class=\"grsGal10 grsTemplate2\">\t\t\t<div class=\"grsGalCont\" ng-controller=\"grsFilm10\" ng-show=\"params.cssReady\" >\t\t\t\t<grs-film params=\"params\" resize scroll><\/grs-film>\t\t\t<\/div>\t\t<\/div>\t\t\t\t\t<script>\t\t\tvar grsAtts10 = jQuery.parseJSON('{\"id\":\"164\",\"view\":\"Film\",\"theme\":\"2\",\"width\":\"360\",\"height\":\"160\",\"contwidth\":\"100\",\"imagesperpage\":\"20\",\"nav\":\"buttons\",\"title\":\"onhover\",\"orderby\":\"order\",\"ordering\":\"ASC\",\"clickaction\":\"openLightbox\",\"openlinktarget\":\"_top\",\"lightboxwidth\":\"800\",\"lightboxheight\":\"600\",\"lightboxfilmstrip\":\"undefined\",\"lightboxcomment\":\"undefined\",\"lightboxcontbutts\":\"1\",\"lightboxfullw\":\"1\",\"lightboxfbutt\":\"1\",\"lightboxtbutt\":\"1\",\"lightboxpbutt\":\"1\",\"lightboxtbbutt\":\"1\",\"lightboxlibutt\":\"1\",\"lightboxreddbutt\":\"1\",\"lightboxfsbutt\":\"1\",\"lightboxap\":\"1\",\"lightboxapin\":\"1\",\"lightboximinf\":\"1\",\"lightboxswipe\":\"1\",\"lightboximcn\":\"1\",\"lightboxeffect\":\"fade\",\"themeLastModDate\":\"1499898380\"}');\t\t\tgrsApp.controller('grsFilm10', ['$scope', 'GrsService',\t\t\t\tfunction ($scope, GrsService) {\t\t\t\t\t$scope.params = {\t\t\t\t\t\tshatts: grsAtts10,\t\t\t\t\t\tgrs: '10',\t\t\t\t\t\tdata: {\t\t\t\t\t\t\timages : [],\t\t\t\t\t\t\tcomments: [],\t\t\t\t\t\t\ttheme: {}\t\t\t\t\t\t},\t\t\t\t\t\tcssReady: false\t\t\t\t\t};\t\t\t\t\tinsertCss(grsAtts10, '10');\t\t\t\t}\t\t\t]);\t\t<\/script>\t\t<span style=\"font-size: 12px;\">Localizada pr\u00f3xima da praia dos Ingleses e de Paulas.&nbsp;<\/span><span style=\"font-size: 12px;\">Acomoda\u00e7\u00f5es em quartos, su\u00edtes, cabanas e containers, para 3\/5 pessoas.. Disppmos de unidades com frigobar, unidades com cozinha completa para 4 pessoas,e&nbsp; su\u00edtes containers para 2\/ 4 pessoas, ar acondicionado&#8230;<\/span>&nbsp;&nbsp;&nbsp;&nbsp;&nbsp;&nbsp;<\/p>\n<p style=\"text-align: center;\"><span style=\"font-size: 10pt;\"><a href=\"https:\/\/saofranciscodosul.tur.br\/novosite\/hoteis-pousadas-pousada-recanto-monte-trigo\/\" target=\"_blank\" rel=\"noopener\">+ informa\u00e7\u00f5es, tarifas, reservas<\/a><\/span><\/p>\n<hr>\n<p><strong><span style=\"font-size: 10pt;\">POUSADA PEDRA DAS TARTARUGAS<\/span><\/strong><\/p>\n<p><strong><span style=\"font-size: 10pt;\">Praia Do Paulas:<\/span><\/strong><\/p>\n<p><span style=\"font-size: 10pt;\">\t\t<div id=\"grsGal11\" class=\"grsGal11 grsTemplate2\">\t\t\t<div class=\"grsGalCont\" ng-controller=\"grsFilm11\" ng-show=\"params.cssReady\" >\t\t\t\t<grs-film params=\"params\" resize scroll><\/grs-film>\t\t\t<\/div>\t\t<\/div>\t\t\t\t\t<script>\t\t\tvar grsAtts11 = jQuery.parseJSON('{\"id\":\"152\",\"view\":\"Film\",\"theme\":\"2\",\"width\":\"360\",\"height\":\"160\",\"contwidth\":\"100\",\"imagesperpage\":\"20\",\"nav\":\"buttons\",\"title\":\"no\",\"orderby\":\"order\",\"ordering\":\"ASC\",\"clickaction\":\"openLightbox\",\"openlinktarget\":\"_top\",\"lightboxwidth\":\"800\",\"lightboxheight\":\"600\",\"lightboxfilmstrip\":\"undefined\",\"lightboxcomment\":\"undefined\",\"lightboxcontbutts\":\"1\",\"lightboxfullw\":\"1\",\"lightboxfbutt\":\"1\",\"lightboxtbutt\":\"1\",\"lightboxpbutt\":\"1\",\"lightboxtbbutt\":\"1\",\"lightboxlibutt\":\"1\",\"lightboxreddbutt\":\"1\",\"lightboxfsbutt\":\"1\",\"lightboxap\":\"1\",\"lightboxapin\":\"1\",\"lightboximinf\":\"1\",\"lightboxswipe\":\"1\",\"lightboximcn\":\"1\",\"lightboxeffect\":\"fade\",\"themeLastModDate\":\"1499898380\"}');\t\t\tgrsApp.controller('grsFilm11', ['$scope', 'GrsService',\t\t\t\tfunction ($scope, GrsService) {\t\t\t\t\t$scope.params = {\t\t\t\t\t\tshatts: grsAtts11,\t\t\t\t\t\tgrs: '11',\t\t\t\t\t\tdata: {\t\t\t\t\t\t\timages : [],\t\t\t\t\t\t\tcomments: [],\t\t\t\t\t\t\ttheme: {}\t\t\t\t\t\t},\t\t\t\t\t\tcssReady: false\t\t\t\t\t};\t\t\t\t\tinsertCss(grsAtts11, '11');\t\t\t\t}\t\t\t]);\t\t<\/script>\t\t<\/span><\/p>\n<p><span style=\"font-size: 12px;\">Localizado frente ao mar, com acomoda\u00e7\u00f5es com sacada de frente para o mar. Su\u00edtes para 2 ate 6 pessoas, com caf\u00e9 da manh\u00e3, ambiente tranquilo, cozinha de uso comum, churrasqueira&#8230;&nbsp;&nbsp;&nbsp;&nbsp;&nbsp;&nbsp;&nbsp;&nbsp;&nbsp;<\/span><\/p>\n<p style=\"text-align: center;\"><strong><span style=\"font-size: 10pt;\"><a href=\"https:\/\/saofranciscodosul.tur.br\/novosite\/pousada-hostel-praia-de-paulas-pedra-das-tartarugas\/\" target=\"_blank\" rel=\"noopener\">+ Informa\u00e7\u00f5es, tarifas, reserva<\/a><\/span><\/strong><\/p>\n<p>&nbsp;<\/p>\n<hr>\n<p style=\"text-align: left;\"><strong><span style=\"font-size: 12px;\">POUSADA RAINHA DO MAR<\/span><\/strong><\/p>\n<p>\t\t<div id=\"grsGal12\" class=\"grsGal12 grsTemplate2\">\t\t\t<div class=\"grsGalCont\" ng-controller=\"grsFilm12\" ng-show=\"params.cssReady\" >\t\t\t\t<grs-film params=\"params\" resize scroll><\/grs-film>\t\t\t<\/div>\t\t<\/div>\t\t\t\t\t<script>\t\t\tvar grsAtts12 = jQuery.parseJSON('{\"id\":\"165\",\"view\":\"Film\",\"theme\":\"2\",\"width\":\"360\",\"height\":\"160\",\"contwidth\":\"100\",\"imagesperpage\":\"20\",\"nav\":\"buttons\",\"title\":\"no\",\"orderby\":\"order\",\"ordering\":\"ASC\",\"clickaction\":\"openLightbox\",\"openlinktarget\":\"_top\",\"lightboxwidth\":\"800\",\"lightboxheight\":\"600\",\"lightboxfilmstrip\":\"undefined\",\"lightboxcomment\":\"undefined\",\"lightboxcontbutts\":\"1\",\"lightboxfullw\":\"1\",\"lightboxfbutt\":\"1\",\"lightboxtbutt\":\"1\",\"lightboxpbutt\":\"1\",\"lightboxtbbutt\":\"1\",\"lightboxlibutt\":\"1\",\"lightboxreddbutt\":\"1\",\"lightboxfsbutt\":\"1\",\"lightboxap\":\"1\",\"lightboxapin\":\"1\",\"lightboximinf\":\"1\",\"lightboxswipe\":\"1\",\"lightboximcn\":\"1\",\"lightboxeffect\":\"fade\",\"themeLastModDate\":\"1499898380\"}');\t\t\tgrsApp.controller('grsFilm12', ['$scope', 'GrsService',\t\t\t\tfunction ($scope, GrsService) {\t\t\t\t\t$scope.params = {\t\t\t\t\t\tshatts: grsAtts12,\t\t\t\t\t\tgrs: '12',\t\t\t\t\t\tdata: {\t\t\t\t\t\t\timages : [],\t\t\t\t\t\t\tcomments: [],\t\t\t\t\t\t\ttheme: {}\t\t\t\t\t\t},\t\t\t\t\t\tcssReady: false\t\t\t\t\t};\t\t\t\t\tinsertCss(grsAtts12, '12');\t\t\t\t}\t\t\t]);\t\t<\/script>\t\t<span style=\"font-size: 12px;\">Localizada na estrada em dire\u00e7\u00e3o as praias, na Rodov\u00eda Duque de Caxias, numa \u00e1rea ampla, com piscina, e caf\u00e9 da manh\u00e3.&nbsp;<\/span><span style=\"font-size: 12px;\">Dispomos de quadra de volei, piscina, quartos econ\u00f3micos e de luxo, Su\u00edtes para casal, e para 3. 4 pessoas, com ar condicionado..,,,<\/span>&nbsp;&nbsp;&nbsp;&nbsp;<\/p>\n<p style=\"text-align: center;\"><strong><span style=\"font-size: 10pt;\"><a href=\"https:\/\/saofranciscodosul.tur.br\/novosite\/pousadas-hoteis-pousada-rainha-do-mar\/\" target=\"_blank\" rel=\"noopener\">+ Informa\u00e7\u00f5es, tarifas, reserva<\/a><\/span><\/strong><\/p>\n<hr>\n<p>&nbsp;<\/p>\n<p style=\"text-align: left;\"><span style=\"font-size: 10pt;\">Outros estabelecimentos:<\/span><\/p>\n<p><span style=\"font-size: 10pt;\">**Pousada Morada do Bosque <span class=\"w8qArf\">&nbsp;fone: <\/span><span class=\"LrzXr zdqRlf kno-fv\"><span aria-label=\"Ligar para (47) 98487-5078\">(47) 98487-5078. <\/span><span class=\"LrzXr\">R. Santa Cec\u00edlia, 160 &#8211; Praia Ubatuba<\/span><\/span><\/span><\/p>\n<p><span style=\"font-size: 10pt;\">**Varandas do Mar: fones &nbsp;(47) &nbsp;3442.3738\/ 2109 . Av Atlantica &nbsp;s\/n, &nbsp;Praia de Ubatuba<\/span><\/p>\n<p><span style=\"font-size: 10pt;\">**Porto de Paz Hotel: fone: (47) 3442.5706. R Roma 555, praia de Itagua\u00e7u.<\/span><\/p>\n<p><span style=\"font-size: 10pt;\">** Vivendas Canoa Velha: fone (47) 3442.3695. R. Bucareste 253, Praia de Ubatuba.<\/span><\/p>\n<p><span style=\"font-size: 10pt;\">**Pousada Miramar: &nbsp;fone (47) <span class=\"_xdb\">&nbsp;<\/span><span class=\"_Xbe _ZWk kno-fv\"><a class=\"fl r-ig1emvrjEcWo\" title=\"Ligar pelo Hangouts\" data-number=\"+554734444256\" data-pstn-out-call-url=\"\" data-rtid=\"ig1emvrjEcWo\" data-ved=\"0ahUKEwjlwfXC-fLVAhXEkZAKHQqsDb8QkAgIlwEoADAQ\">(47) 3444-4256. Av. Atl\u00e2ntica, 802 &#8211; Praia da Enseada.<\/a><\/span><\/span><\/p>\n<p><span style=\"font-size: 10pt;\">**Pousada Canto das Ondas: (47)&nbsp;<span class=\"_xdb\">&nbsp;<\/span><span class=\"_Xbe _ZWk kno-fv\">&nbsp;3442-1034.&nbsp;R. Oslo, 545 &#8211; Praia &nbsp;Do Ubatuba.<\/span><\/span><\/p>\n","protected":false},"excerpt":{"rendered":"<p>s\u00e3o francisco do Sul &gt; hospedagem &gt; pousadas e hot\u00e9is &gt; pousada S\u00c3O FRANCISCO DO SUL &#8211; POUSADAS Escolha seu hospedagem e reserve direto pelo WHATSAPP com o melhor pre\u00e7o &hellip;<\/p>\n","protected":false},"author":2,"featured_media":0,"parent":0,"menu_order":0,"comment_status":"closed","ping_status":"closed","template":"","meta":{"ngg_post_thumbnail":0,"_joinchat":{"telephone":"+5548996649997","message_text":"Ol\u00e1 !\nVoc\u00ea entrou em contato com a plataforma de hospedagem e reservas SAOFRANCISCODOSUL.TUR.BR\nPosso lhe ajudar ?\nConsultas e reservas, deve enviar seu whats ao estabelecimento escolhido. O contato deles esta na pagina de cada um dos lugares.","message_send":"mensagem proveniente de saofranciscodosul.tur.br - pousadas hoteis"},"footnotes":""},"class_list":["post-301","page","type-page","status-publish","hentry"],"aioseo_notices":[],"_links":{"self":[{"href":"https:\/\/saofranciscodosul.tur.br\/novosite\/wp-json\/wp\/v2\/pages\/301","targetHints":{"allow":["GET"]}}],"collection":[{"href":"https:\/\/saofranciscodosul.tur.br\/novosite\/wp-json\/wp\/v2\/pages"}],"about":[{"href":"https:\/\/saofranciscodosul.tur.br\/novosite\/wp-json\/wp\/v2\/types\/page"}],"author":[{"embeddable":true,"href":"https:\/\/saofranciscodosul.tur.br\/novosite\/wp-json\/wp\/v2\/users\/2"}],"replies":[{"embeddable":true,"href":"https:\/\/saofranciscodosul.tur.br\/novosite\/wp-json\/wp\/v2\/comments?post=301"}],"version-history":[{"count":30,"href":"https:\/\/saofranciscodosul.tur.br\/novosite\/wp-json\/wp\/v2\/pages\/301\/revisions"}],"predecessor-version":[{"id":32533,"href":"https:\/\/saofranciscodosul.tur.br\/novosite\/wp-json\/wp\/v2\/pages\/301\/revisions\/32533"}],"wp:attachment":[{"href":"https:\/\/saofranciscodosul.tur.br\/novosite\/wp-json\/wp\/v2\/media?parent=301"}],"curies":[{"name":"wp","href":"https:\/\/api.w.org\/{rel}","templated":true}]}}