{"id":2669,"date":"2020-04-06T11:04:22","date_gmt":"2020-04-06T14:04:22","guid":{"rendered":"http:\/\/saofranciscodosul.tur.br\/novosite\/?page_id=2669"},"modified":"2026-04-26T12:38:09","modified_gmt":"2026-04-26T15:38:09","slug":"imbituba-pousada-natural-park-ibiraquera","status":"publish","type":"page","link":"https:\/\/saofranciscodosul.tur.br\/novosite\/imbituba-pousada-natural-park-ibiraquera\/","title":{"rendered":"Imbituba, Pousada Natural Park, Ibiraquera"},"content":{"rendered":"<p><span style=\"font-family: georgia, palatino, serif; font-size: 10pt;\"><strong>POUSADA NATURAL PARK<\/strong><\/span><\/p>\n<p style=\"text-align: left;\"><span style=\"font-family: georgia, palatino, serif; font-size: 10pt;\">SC &#8211; Imbituba &#8211; Praia do Luz, Ibiraquera<\/span><\/p>\n<p><span style=\"font-family: georgia, palatino, serif;\"><span style=\"font-size: 10pt;\">Oferecemos confort\u00e1veis su\u00edtes, e casas de 1, 2, 3 e 4 dormit\u00f3rios, em condom\u00ednio fechado, numa \u00e1rea privilegiada, com vista ao mar&nbsp; e na beira da lagoa, e Barra de Ibiraquera, <\/span><span style=\"font-size: 10pt;\">e \u00e0 150 m da praia do Luz.<\/span><\/span><\/p>\n<p>\t\t<div id=\"grsGal0\" class=\"grsGal0 grsTemplate2\">\t\t\t<div class=\"grsGalCont\" ng-controller=\"grsFilm0\" ng-show=\"params.cssReady\" >\t\t\t\t<grs-film params=\"params\" resize scroll><\/grs-film>\t\t\t<\/div>\t\t<\/div>\t\t\t\t\t<script>\t\t\tvar grsAtts0 = jQuery.parseJSON('{\"id\":\"67\",\"view\":\"Film\",\"theme\":\"2\",\"width\":\"360\",\"height\":\"160\",\"contwidth\":\"100\",\"imagesperpage\":\"20\",\"nav\":\"buttons\",\"title\":\"no\",\"orderby\":\"order\",\"ordering\":\"ASC\",\"clickaction\":\"openLightbox\",\"openlinktarget\":\"_top\",\"lightboxwidth\":\"800\",\"lightboxheight\":\"600\",\"lightboxfilmstrip\":\"undefined\",\"lightboxcomment\":\"undefined\",\"lightboxcontbutts\":\"1\",\"lightboxfullw\":\"1\",\"lightboxfbutt\":\"1\",\"lightboxtbutt\":\"1\",\"lightboxpbutt\":\"1\",\"lightboxtbbutt\":\"1\",\"lightboxlibutt\":\"1\",\"lightboxreddbutt\":\"1\",\"lightboxfsbutt\":\"1\",\"lightboxap\":\"1\",\"lightboxapin\":\"1\",\"lightboximinf\":\"1\",\"lightboxswipe\":\"1\",\"lightboximcn\":\"1\",\"lightboxeffect\":\"fade\",\"themeLastModDate\":\"1499898380\"}');\t\t\tgrsApp.controller('grsFilm0', ['$scope', 'GrsService',\t\t\t\tfunction ($scope, GrsService) {\t\t\t\t\t$scope.params = {\t\t\t\t\t\tshatts: grsAtts0,\t\t\t\t\t\tgrs: '0',\t\t\t\t\t\tdata: {\t\t\t\t\t\t\timages : [],\t\t\t\t\t\t\tcomments: [],\t\t\t\t\t\t\ttheme: {}\t\t\t\t\t\t},\t\t\t\t\t\tcssReady: false\t\t\t\t\t};\t\t\t\t\tinsertCss(grsAtts0, '0');\t\t\t\t}\t\t\t]);\t\t<\/script>\t\t<span style=\"font-size: 12px;\"><a href=\"https:\/\/www.garopabaimbituba.tur.br\/imbituba-ibiraquera-pousada-casas-natural-park\/\" target=\"_blank\" rel=\"noopener\"><span style=\"font-family: arial, helvetica, sans-serif;\">mais imagens e nossas unidades (casas)<\/span><\/a><\/span>&nbsp;<\/p>\n<p><span style=\"font-size: 10pt;\"><strong><span style=\"font-family: georgia, palatino, serif;\">Acomoda\u00e7\u00f5es<\/span><\/strong><\/span>&nbsp;<\/p>\n<p><span style=\"font-size: 10pt; font-family: arial, helvetica, sans-serif;\">Casas de 1, 2, 3 e 4 dormit\u00f3rios, equipados com<\/span><\/p>\n<ul>\n<li><span style=\"font-size: 10pt; font-family: arial, helvetica, sans-serif;\">\u2013 Sala integrada com cozinha completa<\/span><\/li>\n<li><span style=\"font-size: 10pt; font-family: arial, helvetica, sans-serif;\">\u2013 Varanda com rede e\/ou espregui\u00e7adeira<\/span><\/li>\n<li><span style=\"font-size: 10pt; font-family: arial, helvetica, sans-serif;\">\u2013 Wi-fi<\/span><\/li>\n<li><span style=\"font-size: 10pt; font-family: arial, helvetica, sans-serif;\">\u2013 TV com antena parab\u00f3lica<\/span><\/li>\n<li><span style=\"font-size: 10pt; font-family: arial, helvetica, sans-serif;\">\u2013 \u00c1rea de servi\u00e7o<\/span><\/li>\n<li><span style=\"font-size: 10pt; font-family: arial, helvetica, sans-serif;\">\u2013 Vaga de estacionamento privativa<\/span><\/li>\n<li><span style=\"font-size: 10pt; font-family: arial, helvetica, sans-serif;\">\u2013servi\u00e7o de camareira.<\/span><\/li>\n<\/ul>\n<p><span style=\"font-size: 12px;\"><a href=\"https:\/\/www.garopabaimbituba.tur.br\/imbituba-ibiraquera-pousada-casas-natural-park\/\" target=\"_blank\" rel=\"noopener\"><span style=\"font-family: arial, helvetica, sans-serif;\">Mais imagens e nossas unidades (casas)<\/span><\/a><\/span><\/p>\n<p style=\"text-align: center;\"><span style=\"font-family: georgia, palatino, serif;\"><a href=\"http:\/\/saofranciscodosul.tur.br\/novosite\/casas-chales-natural-park-ibiraquera\/\"><strong><span style=\"font-size: 10pt;\">Veja nossas casas<\/span><\/strong><\/a><\/span><\/p>\n<hr>\n<div>&nbsp;<\/div>\n<div style=\"text-align: center;\"><span style=\"font-size: 10pt; font-family: georgia, palatino, serif;\">Avenida Sul, 2400 &#8211; Barra de Ibiraquera, Imbituba<\/span><\/div>\n<p style=\"text-align: center;\"><span style=\"font-family: georgia, palatino, serif;\"><strong><span style=\"font-size: 10pt;\">Contato: 48 99664 9997 \/ Toque ou clique no icono do whats abaixo da pagina&nbsp; e entre em contato direto<\/span><\/strong><\/span><\/p>\n","protected":false},"excerpt":{"rendered":"<p>POUSADA NATURAL PARK SC &#8211; Imbituba &#8211; Praia do Luz, Ibiraquera Oferecemos confort\u00e1veis su\u00edtes, e casas de 1, 2, 3 e 4 dormit\u00f3rios, em condom\u00ednio fechado, numa \u00e1rea privilegiada, com &hellip;<\/p>\n","protected":false},"author":1,"featured_media":0,"parent":0,"menu_order":0,"comment_status":"closed","ping_status":"closed","template":"","meta":{"ngg_post_thumbnail":0,"_joinchat":{"message_text":"Al\u00f3, poso lhe ajudar ?\nvoc\u00ea entrou em contato com pousada Natural Park, na Praia do luz, Ibiraquera.\n\u00c9 consulta ou reserva ?","message_send":"mensagem proveniente de saofrancicodosul.tur.br \/ garopabaimbituba.com.br\nsobre consulta ou reserva \/ NATURAL PARK"},"footnotes":""},"class_list":["post-2669","page","type-page","status-publish","hentry"],"aioseo_notices":[],"_links":{"self":[{"href":"https:\/\/saofranciscodosul.tur.br\/novosite\/wp-json\/wp\/v2\/pages\/2669","targetHints":{"allow":["GET"]}}],"collection":[{"href":"https:\/\/saofranciscodosul.tur.br\/novosite\/wp-json\/wp\/v2\/pages"}],"about":[{"href":"https:\/\/saofranciscodosul.tur.br\/novosite\/wp-json\/wp\/v2\/types\/page"}],"author":[{"embeddable":true,"href":"https:\/\/saofranciscodosul.tur.br\/novosite\/wp-json\/wp\/v2\/users\/1"}],"replies":[{"embeddable":true,"href":"https:\/\/saofranciscodosul.tur.br\/novosite\/wp-json\/wp\/v2\/comments?post=2669"}],"version-history":[{"count":8,"href":"https:\/\/saofranciscodosul.tur.br\/novosite\/wp-json\/wp\/v2\/pages\/2669\/revisions"}],"predecessor-version":[{"id":33100,"href":"https:\/\/saofranciscodosul.tur.br\/novosite\/wp-json\/wp\/v2\/pages\/2669\/revisions\/33100"}],"wp:attachment":[{"href":"https:\/\/saofranciscodosul.tur.br\/novosite\/wp-json\/wp\/v2\/media?parent=2669"}],"curies":[{"name":"wp","href":"https:\/\/api.w.org\/{rel}","templated":true}]}}