{"id":1437,"date":"2018-08-28T16:12:03","date_gmt":"2018-08-28T19:12:03","guid":{"rendered":"http:\/\/saofranciscodosul.tur.br\/novosite\/?page_id=1437"},"modified":"2021-07-30T18:20:22","modified_gmt":"2021-07-30T21:20:22","slug":"quem-somos","status":"publish","type":"page","link":"https:\/\/saofranciscodosul.tur.br\/novosite\/quem-somos\/","title":{"rendered":"QUEM SOMOS"},"content":{"rendered":"<p style=\"text-align: center;\"><span style=\"font-size: 10pt;\"><strong>QUEM SOMOS<\/strong><\/span><\/p>\n<p><span style=\"font-size: 10pt;\">Trabalhamos na \u00e1rea de Divulga\u00e7\u00e3o e propaganda nas regi\u00f5es de Santa catarina, Ilha de S\u00e3o Francisco do Sul e o de Garopaba e Imbituba h\u00e1 16 anos,<\/span><\/p>\n<p><span style=\"font-size: 10pt;\">Temos feito Guias tur\u00edsticos com mapas regionais de utilidade ao turismo do ano 2002 ao ano 2010. Ap\u00f3s esta data a produ\u00e7\u00e3o de mapas e Guias Tur\u00edsticos foi suspendida, dedicando-nos s\u00f3 ao trabalho de divulga\u00e7\u00e3o via web.<\/span><br \/>\n<span style=\"font-size: 10pt;\">Atualmente somos um Guia de Hospedagem e im\u00f3veis sem intermedia\u00e7\u00e3o comercial, o que significa que suas negocia\u00e7\u00f5es comerciais e reservas de hospedagem em Pousadas, hot\u00e9is e aluguel por temporada de im\u00f3veis, como assim tamb\u00e9m qualquer tipo de negocia\u00e7\u00e3o n\u00e3o ter\u00e1 acrescentada nenhuma comiss\u00e3o. Sendo assim as tarifas cobradas pelos estabelecimentos s\u00e3o diretas, SEM INTERMEDI\u00c1RIOS, em defesa do consumidor.<\/span><\/p>\n","protected":false},"excerpt":{"rendered":"<p>QUEM SOMOS Trabalhamos na \u00e1rea de Divulga\u00e7\u00e3o e propaganda nas regi\u00f5es de Santa catarina, Ilha de S\u00e3o Francisco do Sul e o de Garopaba e Imbituba h\u00e1 16 anos, Temos &hellip;<\/p>\n","protected":false},"author":1,"featured_media":0,"parent":0,"menu_order":0,"comment_status":"closed","ping_status":"closed","template":"","meta":{"ngg_post_thumbnail":0,"_joinchat":{"telephone":"+5548996649997"},"footnotes":""},"class_list":["post-1437","page","type-page","status-publish","hentry"],"aioseo_notices":[],"_links":{"self":[{"href":"https:\/\/saofranciscodosul.tur.br\/novosite\/wp-json\/wp\/v2\/pages\/1437","targetHints":{"allow":["GET"]}}],"collection":[{"href":"https:\/\/saofranciscodosul.tur.br\/novosite\/wp-json\/wp\/v2\/pages"}],"about":[{"href":"https:\/\/saofranciscodosul.tur.br\/novosite\/wp-json\/wp\/v2\/types\/page"}],"author":[{"embeddable":true,"href":"https:\/\/saofranciscodosul.tur.br\/novosite\/wp-json\/wp\/v2\/users\/1"}],"replies":[{"embeddable":true,"href":"https:\/\/saofranciscodosul.tur.br\/novosite\/wp-json\/wp\/v2\/comments?post=1437"}],"version-history":[{"count":2,"href":"https:\/\/saofranciscodosul.tur.br\/novosite\/wp-json\/wp\/v2\/pages\/1437\/revisions"}],"predecessor-version":[{"id":5601,"href":"https:\/\/saofranciscodosul.tur.br\/novosite\/wp-json\/wp\/v2\/pages\/1437\/revisions\/5601"}],"wp:attachment":[{"href":"https:\/\/saofranciscodosul.tur.br\/novosite\/wp-json\/wp\/v2\/media?parent=1437"}],"curies":[{"name":"wp","href":"https:\/\/api.w.org\/{rel}","templated":true}]}}